{"id":3,"date":"2023-01-09T10:25:11","date_gmt":"2023-01-09T09:25:11","guid":{"rendered":"https:\/\/region-plessur.ch\/?page_id=3"},"modified":"2025-10-07T14:06:31","modified_gmt":"2025-10-07T12:06:31","slug":"datenschutzerklaerung","status":"publish","type":"page","link":"https:\/\/region-plessur.ch\/en\/datenschutzerklaerung\/","title":{"rendered":"Datenschutzerkl\u00e4rung"},"content":{"rendered":"<div data-elementor-type=\"wp-page\" data-elementor-id=\"3\" class=\"elementor elementor-3\" data-elementor-post-type=\"page\">\n\t\t\t\t\t\t<section class=\"elementor-section elementor-top-section elementor-element elementor-element-3d73d869 elementor-section-boxed elementor-section-height-default elementor-section-height-default\" data-id=\"3d73d869\" data-element_type=\"section\" data-e-type=\"section\">\n\t\t\t\t\t\t<div class=\"elementor-container elementor-column-gap-default\">\n\t\t\t\t\t<div class=\"elementor-column elementor-col-100 elementor-top-column elementor-element elementor-element-53d9804b\" data-id=\"53d9804b\" data-element_type=\"column\" data-e-type=\"column\">\n\t\t\t<div class=\"elementor-widget-wrap elementor-element-populated\">\n\t\t\t\t\t\t<div class=\"elementor-element elementor-element-ce12a5c dc-has-condition dc-condition-not_empty elementor-widget elementor-widget-heading\" data-id=\"ce12a5c\" data-element_type=\"widget\" data-e-type=\"widget\" data-widget_type=\"heading.default\">\n\t\t\t\t<div class=\"elementor-widget-container\">\n\t\t\t\t\t<h1 class=\"elementor-heading-title elementor-size-default\">Datenschutz<\/h1>\t\t\t\t<\/div>\n\t\t\t\t<\/div>\n\t\t\t\t<div class=\"elementor-element elementor-element-35a04ed5 elementor-widget elementor-widget-heading\" data-id=\"35a04ed5\" data-element_type=\"widget\" data-e-type=\"widget\" data-widget_type=\"heading.default\">\n\t\t\t\t<div class=\"elementor-widget-container\">\n\t\t\t\t\t<h2 class=\"elementor-heading-title elementor-size-default\">Einleitung<\/h2>\t\t\t\t<\/div>\n\t\t\t\t<\/div>\n\t\t\t\t<div class=\"elementor-element elementor-element-79a32703 elementor-widget elementor-widget-text-editor\" data-id=\"79a32703\" data-element_type=\"widget\" data-e-type=\"widget\" data-widget_type=\"text-editor.default\">\n\t\t\t\t<div class=\"elementor-widget-container\">\n\t\t\t\t\t\t\t\t\t<p>Gest\u00fctzt auf Artikel 13 der schweizerischen Bundesverfassung und die datenschutzrechtlichen Bestimmungen des Bundes (Datenschutzgesetz, DSG) garantieren wir jedem Einzelnen das Recht auf Schutz seiner Privatsph\u00e4re und die Sicherheit seiner pers\u00f6nlichen Daten. Wir nehmen die Verantwortung f\u00fcr den Schutz Ihrer pers\u00f6nlichen Informationen sehr ernst und behandeln sie gem\u00e4ss den geltenden Datenschutzgesetzen sowie den Vorgaben dieser Datenschutzerkl\u00e4rung.<\/p><p>In enger Zusammenarbeit mit unserem Hosting-Providern Cyon AG setzen wir alles daran, unsere Datenbanken und Fileserver bestm\u00f6glich vor unbefugtem Zugriff, Verlust, Missbrauch und Manipulation zu sch\u00fctzen.<\/p><p>Wir m\u00f6chten darauf hinweisen, dass die \u00dcbertragung von Daten im Internet (z. B. bei der Kommunikation per E-Mail) Sicherheitsrisiken bergen kann. Ein absoluter Schutz Ihrer Daten vor dem Zugriff Dritter kann nicht garantiert werden.<\/p><p>Durch die Nutzung dieser Website erkl\u00e4ren Sie sich mit der Erhebung, Verarbeitung und Nutzung von Daten gem\u00e4ss den nachfolgenden Bestimmungen einverstanden. Grunds\u00e4tzlich k\u00f6nnen Sie unsere Website ohne Registrierung besuchen. Informationen wie aufgerufene Seiten, Dateinamen, Datum und Uhrzeit werden zu statistischen Zwecken auf unserem Server gespeichert, ohne dass diese Informationen unmittelbar auf Ihre Person zur\u00fcckzuf\u00fchren sind. Falls auf unseren Seiten dennoch personenbezogene Daten (wie Name, Adresse oder E-Mail-Adressen) erfasst werden, erfolgt dies, soweit m\u00f6glich, stets auf freiwilliger Basis. Wir geben diese Daten ohne Ihre ausdr\u00fcckliche Zustimmung nicht an Dritte weiter.<\/p>\t\t\t\t\t\t\t\t<\/div>\n\t\t\t\t<\/div>\n\t\t\t\t<div class=\"elementor-element elementor-element-5764f8e elementor-widget elementor-widget-heading\" data-id=\"5764f8e\" data-element_type=\"widget\" data-e-type=\"widget\" data-widget_type=\"heading.default\">\n\t\t\t\t<div class=\"elementor-widget-container\">\n\t\t\t\t\t<h2 class=\"elementor-heading-title elementor-size-default\"><span data-token-index=\"0\">Verarbeitung personenbezogener Daten<\/span><\/h2>\t\t\t\t<\/div>\n\t\t\t\t<\/div>\n\t\t\t\t<div class=\"elementor-element elementor-element-a901b12 elementor-widget elementor-widget-text-editor\" data-id=\"a901b12\" data-element_type=\"widget\" data-e-type=\"widget\" data-widget_type=\"text-editor.default\">\n\t\t\t\t<div class=\"elementor-widget-container\">\n\t\t\t\t\t\t\t\t\t<p>Personenbezogene Daten sind s\u00e4mtliche Informationen, die auf eine bestimmte Person hinweisen oder sie identifizierbar machen. Eine betroffene Person ist jemand, \u00fcber den personenbezogene Daten verarbeitet werden. Die Verarbeitung umfasst jegliche Handhabung von personenbezogenen Informationen, unabh\u00e4ngig von den verwendeten Methoden und Verfahren. Dazu z\u00e4hlen insbesondere die Erfassung, Speicherung, Weitergabe, L\u00f6schung, Aufbewahrung, \u00c4nderung, Vernichtung und Nutzung von personenbezogenen Daten.<\/p><p>Wir handhaben personenbezogene Daten gem\u00e4ss den Bestimmungen des Schweizer Datenschutzrechts. Wenn und soweit die EU-Datenschutz-Grundverordnung (DSGVO) anwendbar ist, verarbeiten wir personenbezogene Daten ausserdem basierend auf folgenden Rechtsgrundlagen gem\u00e4ss Artikel 6 Absatz 1 der DSGVO:<\/p><p>a) Wir verarbeiten personenbezogene Daten mit der Zustimmung der betroffenen Person. <br \/>b) Wir verarbeiten personenbezogene Daten zur Erf\u00fcllung eines Vertrags mit der betroffenen Person sowie zur Durchf\u00fchrung entsprechender vorvertraglicher Massnahmen.<br \/>c) Wir verarbeiten personenbezogene Daten zur Einhaltung rechtlicher Verpflichtungen gem\u00e4ss geltendem EU-Recht oder dem Recht eines Landes, in dem die DSGVO teilweise oder vollst\u00e4ndig anwendbar ist. <br \/>d) Wir verarbeiten personenbezogene Daten, um lebenswichtige Interessen der betroffenen Person oder einer anderen nat\u00fcrlichen Person zu sch\u00fctzen. <br \/>f) Wir verarbeiten personenbezogene Daten zur Wahrung unserer berechtigten Interessen oder der Interessen Dritter, sofern diese nicht die Grundrechte und Interessen der betroffenen Person \u00fcberwiegen. Zu unseren berechtigten Interessen z\u00e4hlen insbesondere unser gesch\u00e4ftliches Interesse daran, unsere Website bereitzustellen, die Sicherheit der Informationen zu gew\u00e4hrleisten, unsere eigenen rechtlichen Anspr\u00fcche durchzusetzen und die geltenden Schweizer Gesetze einzuhalten.<\/p><p>Die Aufbewahrungsdauer f\u00fcr personenbezogene Daten richtet sich nach dem jeweiligen Zweck oder den jeweiligen Zwecken, f\u00fcr die sie ben\u00f6tigt werden. Wenn wir aufgrund gesetzlicher Vorschriften oder anderer Verpflichtungen zur langfristigen Aufbewahrung verpflichtet sind, beschr\u00e4nken wir die Verarbeitung entsprechend.<\/p>\t\t\t\t\t\t\t\t<\/div>\n\t\t\t\t<\/div>\n\t\t\t\t<div class=\"elementor-element elementor-element-4ba553d7 elementor-widget elementor-widget-heading\" data-id=\"4ba553d7\" data-element_type=\"widget\" data-e-type=\"widget\" data-widget_type=\"heading.default\">\n\t\t\t\t<div class=\"elementor-widget-container\">\n\t\t\t\t\t<h2 class=\"elementor-heading-title elementor-size-default\">Wir verarbeiten Daten zur Website-Analyse und -Verbesserung.<\/h2>\t\t\t\t<\/div>\n\t\t\t\t<\/div>\n\t\t\t\t<div class=\"elementor-element elementor-element-3953af45 elementor-widget elementor-widget-text-editor\" data-id=\"3953af45\" data-element_type=\"widget\" data-e-type=\"widget\" data-widget_type=\"text-editor.default\">\n\t\t\t\t<div class=\"elementor-widget-container\">\n\t\t\t\t\t\t\t\t\t<p>Wir nutzen auf unserer Website die freie Open-Source-Software Matomo, um die Nutzung unserer Website datensparsam auszuwerten und Informationen zwecks Verbesserung unserer Dienstleistungen zu erhalten. Daran haben wir ein berechtigtes \u00fcberwiegendes Interesse. Matomo betreiben wir auf unserer eigenen Infrastruktur, so dass keine Daten an weitere Server \u00fcbermittelt werden, die ausserhalb unserer Kontrolle liegen.<\/p><p>Wir verwenden Matomo nur mit aktivierter IP-Anonymisierung. Dadurch werden IP-Adressen gek\u00fcrzt bearbeitet und ein direkter Personenbezug ist ausgeschlossen.<\/p>\t\t\t\t\t\t\t\t<\/div>\n\t\t\t\t<\/div>\n\t\t\t\t<div class=\"elementor-element elementor-element-3bf30c43 elementor-widget elementor-widget-heading\" data-id=\"3bf30c43\" data-element_type=\"widget\" data-e-type=\"widget\" data-widget_type=\"heading.default\">\n\t\t\t\t<div class=\"elementor-widget-container\">\n\t\t\t\t\t<h2 class=\"elementor-heading-title elementor-size-default\">Erhebung, Verarbeitung und Nutzung personenbezogener Daten<\/h2>\t\t\t\t<\/div>\n\t\t\t\t<\/div>\n\t\t\t\t<div class=\"elementor-element elementor-element-65fc859d elementor-widget elementor-widget-text-editor\" data-id=\"65fc859d\" data-element_type=\"widget\" data-e-type=\"widget\" data-widget_type=\"text-editor.default\">\n\t\t\t\t<div class=\"elementor-widget-container\">\n\t\t\t\t\t\t\t\t\t<p>Beim Besuch dieser Website erheben wir keine personenbezogenen Daten von Ihnen. Personenbezogene Daten werden nur erhoben, wenn Sie uns diese selbst \u00fcber unser Kontaktformular mitteilen. Diese Daten werden ausschliesslich zur Beantwortung Ihres Anliegens genutzt und danach wieder gel\u00f6scht.<\/p>\t\t\t\t\t\t\t\t<\/div>\n\t\t\t\t<\/div>\n\t\t\t\t<div class=\"elementor-element elementor-element-2153fd52 elementor-widget elementor-widget-heading\" data-id=\"2153fd52\" data-element_type=\"widget\" data-e-type=\"widget\" data-widget_type=\"heading.default\">\n\t\t\t\t<div class=\"elementor-widget-container\">\n\t\t\t\t\t<h2 class=\"elementor-heading-title elementor-size-default\">Cookies<\/h2>\t\t\t\t<\/div>\n\t\t\t\t<\/div>\n\t\t\t\t<div class=\"elementor-element elementor-element-54432684 elementor-widget elementor-widget-text-editor\" data-id=\"54432684\" data-element_type=\"widget\" data-e-type=\"widget\" data-widget_type=\"text-editor.default\">\n\t\t\t\t<div class=\"elementor-widget-container\">\n\t\t\t\t\t\t\t\t\t<p>Diese Webseite verwendet Cookies. Diese kleinen Textdateien erm\u00f6glichen es, spezifische Informationen, die auf den Nutzer bezogen sind, auf dem Endger\u00e4t des Nutzers w\u00e4hrend der Nutzung der Webseite zu speichern. Cookies erlauben insbesondere die Analyse der Nutzungsh\u00e4ufigkeit und der Anzahl der Seitenbesucher, die Untersuchung von Nutzungsverhalten auf der Webseite und die Verbesserung unserer Dienste in Bezug auf die Benutzerfreundlichkeit. Cookies werden \u00fcber das Ende einer Browsersitzung hinaus gespeichert und k\u00f6nnen bei einem erneuten Besuch der Webseite wieder aufgerufen werden. Falls Sie dies nicht w\u00fcnschen, k\u00f6nnen Sie Ihren Internet-Browser so konfigurieren, dass er die Annahme von Cookies ablehnt oder die Zustimmung im Cookie-Popup verweigern.\u00a0<\/p>\t\t\t\t\t\t\t\t<\/div>\n\t\t\t\t<\/div>\n\t\t\t\t<div class=\"elementor-element elementor-element-35865263 elementor-widget elementor-widget-heading\" data-id=\"35865263\" data-element_type=\"widget\" data-e-type=\"widget\" data-widget_type=\"heading.default\">\n\t\t\t\t<div class=\"elementor-widget-container\">\n\t\t\t\t\t<h2 class=\"elementor-heading-title elementor-size-default\"><span data-token-index=\"0\">Mit SSL\/TLS-Verschl\u00fcsselung<\/span><\/h2>\t\t\t\t<\/div>\n\t\t\t\t<\/div>\n\t\t\t\t<div class=\"elementor-element elementor-element-7dfc300c elementor-widget elementor-widget-text-editor\" data-id=\"7dfc300c\" data-element_type=\"widget\" data-e-type=\"widget\" data-widget_type=\"text-editor.default\">\n\t\t\t\t<div class=\"elementor-widget-container\">\n\t\t\t\t\t\t\t\t\t<p>Zu Sicherheitszwecken und zum Schutz der \u00dcbertragung vertraulicher Inhalte wie Anfragen, die Sie an uns als Seitenbetreiber senden, verwenden wir eine Verschl\u00fcsselungstechnologie namens SSL\/TLS. Eine gesicherte Verbindung erkennen Sie daran, dass die Adresszeile in Ihrem Browser von &#8220;http:\/\/&#8221; auf &#8220;https:\/\/&#8221; wechselt und an einem Schlosssymbol in der Browserleiste.<\/p><p>Wenn die SSL- oder TLS-Verschl\u00fcsselung aktiviert ist, sind die von Ihnen \u00fcbermittelten Daten vor dem Zugriff durch unbefugte Dritte gesch\u00fctzt.<\/p>\t\t\t\t\t\t\t\t<\/div>\n\t\t\t\t<\/div>\n\t\t\t\t<div class=\"elementor-element elementor-element-6172a733 elementor-widget elementor-widget-heading\" data-id=\"6172a733\" data-element_type=\"widget\" data-e-type=\"widget\" data-widget_type=\"heading.default\">\n\t\t\t\t<div class=\"elementor-widget-container\">\n\t\t\t\t\t<h2 class=\"elementor-heading-title elementor-size-default\"><span data-token-index=\"0\" class=\"notion-enable-hover\">Kontaktformular<\/span><\/h2>\t\t\t\t<\/div>\n\t\t\t\t<\/div>\n\t\t\t\t<div class=\"elementor-element elementor-element-684e6101 elementor-widget elementor-widget-text-editor\" data-id=\"684e6101\" data-element_type=\"widget\" data-e-type=\"widget\" data-widget_type=\"text-editor.default\">\n\t\t\t\t<div class=\"elementor-widget-container\">\n\t\t\t\t\t\t\t\t\t<p>Wenn Sie uns \u00fcber das Kontaktformular Anfragen \u00fcbermitteln, speichern wir die Informationen aus dem Anfrageformular, einschliesslich der von Ihnen bereitgestellten Kontaktinformationen. Dies geschieht, um Ihre Anfrage zu bearbeiten. Wir geben diese Daten nicht ohne Ihre Zustimmung weiter.<\/p>\t\t\t\t\t\t\t\t<\/div>\n\t\t\t\t<\/div>\n\t\t\t\t<div class=\"elementor-element elementor-element-600062e9 elementor-widget elementor-widget-heading\" data-id=\"600062e9\" data-element_type=\"widget\" data-e-type=\"widget\" data-widget_type=\"heading.default\">\n\t\t\t\t<div class=\"elementor-widget-container\">\n\t\t\t\t\t<h2 class=\"elementor-heading-title elementor-size-default\"><span data-token-index=\"0\" class=\"notion-enable-hover\">Rechte der betroffenen Person<\/span><\/h2>\t\t\t\t<\/div>\n\t\t\t\t<\/div>\n\t\t\t\t<div class=\"elementor-element elementor-element-6801c103 elementor-widget elementor-widget-text-editor\" data-id=\"6801c103\" data-element_type=\"widget\" data-e-type=\"widget\" data-widget_type=\"text-editor.default\">\n\t\t\t\t<div class=\"elementor-widget-container\">\n\t\t\t\t\t\t\t\t\t<p>F\u00fcr Personen, deren pers\u00f6nliche Daten von uns verarbeitet werden und sofern die Datenschutz-Grundverordnung (DSGVO) anwendbar ist, besteht die M\u00f6glichkeit, unentgeltlich eine Best\u00e4tigung dar\u00fcber zu erhalten, ob ihre pers\u00f6nlichen Daten von uns verarbeitet werden. Falls dies zutrifft, haben sie das Recht, Informationen zur Verarbeitung ihrer pers\u00f6nlichen Daten anzufordern. Weiterhin k\u00f6nnen sie die Beschr\u00e4nkung der Datenverarbeitung verlangen, ihr Recht auf Daten\u00fcbertragbarkeit aus\u00fcben und ihre pers\u00f6nlichen Daten korrigieren, l\u00f6schen (Recht auf Vergessenwerden), sperren oder vervollst\u00e4ndigen lassen.<\/p><p>Personen, deren pers\u00f6nliche Daten von uns verarbeitet werden und sofern die DSGVO anwendbar ist, haben das Recht, ihre erteilte Einwilligung jederzeit und mit Wirkung f\u00fcr die Zukunft zu widerrufen. Zudem steht es ihnen frei, jederzeit Widerspruch gegen die Verarbeitung ihrer pers\u00f6nlichen Daten zu erheben.<\/p><p>Personen, deren pers\u00f6nliche Daten von uns verarbeitet werden, verf\u00fcgen \u00fcber das Recht, eine Beschwerde bei der zust\u00e4ndigen Aufsichtsbeh\u00f6rde einzureichen. Die zust\u00e4ndige Datenschutzaufsichtsbeh\u00f6rde in der Schweiz ist der Eidgen\u00f6ssische Datenschutz- und \u00d6ffentlichkeitsbeauftragte (ED\u00d6B).<\/p>\t\t\t\t\t\t\t\t<\/div>\n\t\t\t\t<\/div>\n\t\t\t\t<div class=\"elementor-element elementor-element-76345d4 elementor-widget elementor-widget-heading\" data-id=\"76345d4\" data-element_type=\"widget\" data-e-type=\"widget\" data-widget_type=\"heading.default\">\n\t\t\t\t<div class=\"elementor-widget-container\">\n\t\t\t\t\t<h2 class=\"elementor-heading-title elementor-size-default\">Haftungsausschluss<\/h2>\t\t\t\t<\/div>\n\t\t\t\t<\/div>\n\t\t\t\t<div class=\"elementor-element elementor-element-4c5198b5 elementor-widget elementor-widget-text-editor\" data-id=\"4c5198b5\" data-element_type=\"widget\" data-e-type=\"widget\" data-widget_type=\"text-editor.default\">\n\t\t\t\t<div class=\"elementor-widget-container\">\n\t\t\t\t\t\t\t\t\t<p>Der Autor \u00fcbernimmt keine Gew\u00e4hr f\u00fcr die Richtigkeit, Genauigkeit, Aktualit\u00e4t, Zuverl\u00e4ssigkeit und Vollst\u00e4ndigkeit der bereitgestellten Informationen.<\/p><p>Haftungsanspr\u00fcche gegen den Autor wegen Sch\u00e4den materieller oder immaterieller Art, die aus dem Zugriff oder der Nutzung bzw. Nichtnutzung der ver\u00f6ffentlichten Informationen, durch Missbrauch der Verbindung oder durch technische St\u00f6rungen entstanden sind, werden ausgeschlossen.<\/p><p>Alle Angebote sind freibleibend. Der Autor beh\u00e4lt es sich ausdr\u00fccklich vor, Teile der Seiten oder das gesamte Angebot ohne gesonderte Ank\u00fcndigung zu ver\u00e4ndern, zu erg\u00e4nzen, zu l\u00f6schen oder die Ver\u00f6ffentlichung zeitweise oder endg\u00fcltig einzustellen.<\/p>\t\t\t\t\t\t\t\t<\/div>\n\t\t\t\t<\/div>\n\t\t\t\t<div class=\"elementor-element elementor-element-53a6756f elementor-widget elementor-widget-heading\" data-id=\"53a6756f\" data-element_type=\"widget\" data-e-type=\"widget\" data-widget_type=\"heading.default\">\n\t\t\t\t<div class=\"elementor-widget-container\">\n\t\t\t\t\t<h2 class=\"elementor-heading-title elementor-size-default\">Server-Log-Dateien<\/h2>\t\t\t\t<\/div>\n\t\t\t\t<\/div>\n\t\t\t\t<div class=\"elementor-element elementor-element-4e60ce43 elementor-widget elementor-widget-text-editor\" data-id=\"4e60ce43\" data-element_type=\"widget\" data-e-type=\"widget\" data-widget_type=\"text-editor.default\">\n\t\t\t\t<div class=\"elementor-widget-container\">\n\t\t\t\t\t\t\t\t\t<p>Wie bei jeder Verbindung mit einem Webserver protokolliert und speichert der Server unseres Webhosting-Anbieters cyon AG in Basel, Schweiz, bestimmte technische Daten. Zu diesen Daten geh\u00f6ren die IP-Adresse und das Betriebssystem Ihres Ger\u00e4ts, die Daten, die Zugriffszeit, die Art des Browsers sowie die Browser-Anfrage inklusive der Herkunft der Anfrage (Referrer). Dies ist aus technischen Gr\u00fcnden erforderlich, um Ihnen unsere Website zur Verf\u00fcgung zu stellen.<\/p>\n<p>Cyon sch\u00fctzt diese Daten mit technischen und organisatorischen Massnahmen vor unerlaubten Zugriffen und gibt sie nicht an Dritte weiter. Soweit wir dabei personenbezogene Daten verarbeiten, tun wir dies aufgrund unseres Interesses, Ihnen die bestm\u00f6gliche Nutzererfahrung zu bieten und die Sicherheit und Stabilit\u00e4t unserer Systeme zu gew\u00e4hrleisten.<\/p>\t\t\t\t\t\t\t\t<\/div>\n\t\t\t\t<\/div>\n\t\t\t\t<div class=\"elementor-element elementor-element-6acc1db6 elementor-widget elementor-widget-heading\" data-id=\"6acc1db6\" data-element_type=\"widget\" data-e-type=\"widget\" data-widget_type=\"heading.default\">\n\t\t\t\t<div class=\"elementor-widget-container\">\n\t\t\t\t\t<h2 class=\"elementor-heading-title elementor-size-default\">Eingebettete Inhalte von anderen Websites\n<\/h2>\t\t\t\t<\/div>\n\t\t\t\t<\/div>\n\t\t\t\t<div class=\"elementor-element elementor-element-2b100eb3 elementor-widget elementor-widget-text-editor\" data-id=\"2b100eb3\" data-element_type=\"widget\" data-e-type=\"widget\" data-widget_type=\"text-editor.default\">\n\t\t\t\t<div class=\"elementor-widget-container\">\n\t\t\t\t\t\t\t\t\t<p>Seiten auf dieser Website k\u00f6nnen eingebettete Inhalte beinhalten (z. B. Videos, Bilder, iFrames, Beitr\u00e4ge etc.). Eingebettete Inhalte von anderen Websites verhalten sich exakt so, als ob der Besucher die andere Website besucht h\u00e4tte.<\/p>\t\t\t\t\t\t\t\t<\/div>\n\t\t\t\t<\/div>\n\t\t\t\t<div class=\"elementor-element elementor-element-a4331ce elementor-widget elementor-widget-heading\" data-id=\"a4331ce\" data-element_type=\"widget\" data-e-type=\"widget\" data-widget_type=\"heading.default\">\n\t\t\t\t<div class=\"elementor-widget-container\">\n\t\t\t\t\t<h2 class=\"elementor-heading-title elementor-size-default\">Verwendung des Meta Pixel (Facebook Pixel)<\/h2>\t\t\t\t<\/div>\n\t\t\t\t<\/div>\n\t\t\t\t<div class=\"elementor-element elementor-element-7c16280 elementor-widget elementor-widget-text-editor\" data-id=\"7c16280\" data-element_type=\"widget\" data-e-type=\"widget\" data-widget_type=\"text-editor.default\">\n\t\t\t\t<div class=\"elementor-widget-container\">\n\t\t\t\t\t\t\t\t\t<p class=\"p1\">Auf unserer Website wird der Meta Pixel von Meta (Facebook und Instagram) eingesetzt.<\/p><p class=\"p1\">Damit k\u00f6nnen wir nachvollziehen, wie Besucherinnen und Besucher mit unserer Website interagieren, nachdem sie \u00fcber eine Anzeige auf Facebook oder Instagram zu uns gelangt sind. So k\u00f6nnen wir die Wirksamkeit unserer Werbeanzeigen auswerten und unser Online-Angebot verbessern.<\/p><p class=\"p1\">Meta kann die erhobenen Daten auch f\u00fcr eigene Zwecke nutzen, etwa um personalisierte Werbung auf Facebook oder Instagram anzuzeigen. Wenn du dort ein Konto hast, kann Meta den Besuch unserer Website deinem Profil zuordnen.<\/p>\t\t\t\t\t\t\t\t<\/div>\n\t\t\t\t<\/div>\n\t\t\t\t<div class=\"elementor-element elementor-element-721791ef elementor-widget elementor-widget-heading\" data-id=\"721791ef\" data-element_type=\"widget\" data-e-type=\"widget\" data-widget_type=\"heading.default\">\n\t\t\t\t<div class=\"elementor-widget-container\">\n\t\t\t\t\t<h2 class=\"elementor-heading-title elementor-size-default\">Wie wir diese Datenschutzerkl\u00e4rung \u00e4ndern k\u00f6nnen<\/h2>\t\t\t\t<\/div>\n\t\t\t\t<\/div>\n\t\t\t\t<div class=\"elementor-element elementor-element-3334d462 elementor-widget elementor-widget-text-editor\" data-id=\"3334d462\" data-element_type=\"widget\" data-e-type=\"widget\" data-widget_type=\"text-editor.default\">\n\t\t\t\t<div class=\"elementor-widget-container\">\n\t\t\t\t\t\t\t\t\t<p>Wir k\u00f6nnen diese Datenschutzerkl\u00e4rung jederzeit aktualisieren und anderweitig anpassen. Es gilt jeweils die auf unserer Website ver\u00f6ffentlichte Datenschutzerkl\u00e4rung.\u00a0<\/p>\t\t\t\t\t\t\t\t<\/div>\n\t\t\t\t<\/div>\n\t\t\t\t<div class=\"elementor-element elementor-element-2b1decca elementor-widget elementor-widget-heading\" data-id=\"2b1decca\" data-element_type=\"widget\" data-e-type=\"widget\" data-widget_type=\"heading.default\">\n\t\t\t\t<div class=\"elementor-widget-container\">\n\t\t\t\t\t<h2 class=\"elementor-heading-title elementor-size-default\">Kontakt<\/h2>\t\t\t\t<\/div>\n\t\t\t\t<\/div>\n\t\t\t\t<div class=\"elementor-element elementor-element-4acc2f0e elementor-widget elementor-widget-heading\" data-id=\"4acc2f0e\" data-element_type=\"widget\" data-e-type=\"widget\" data-widget_type=\"heading.default\">\n\t\t\t\t<div class=\"elementor-widget-container\">\n\t\t\t\t\t<h3 class=\"elementor-heading-title elementor-size-default\">Verantwortliche (oder, je nach Kontext, Auftragsverarbeiterin):<\/h3>\t\t\t\t<\/div>\n\t\t\t\t<\/div>\n\t\t\t\t<div class=\"elementor-element elementor-element-3b6d2bac elementor-widget elementor-widget-text-editor\" data-id=\"3b6d2bac\" data-element_type=\"widget\" data-e-type=\"widget\" data-widget_type=\"text-editor.default\">\n\t\t\t\t<div class=\"elementor-widget-container\">\n\t\t\t\t\t\t\t\t\t<p>Region Plessur<br \/>Rathaus, Poststrasse 33<br \/>7001 Chur<br \/>Schweiz<\/p>\n<p><a style=\"color: #000;\" href=\"tel:+41813301133\">T +41 8<\/a>1 254 50 20<\/p>\t\t\t\t\t\t\t\t<\/div>\n\t\t\t\t<\/div>\n\t\t\t\t\t<\/div>\n\t\t<\/div>\n\t\t\t\t\t<\/div>\n\t\t<\/section>\n\t\t\t\t<\/div>","protected":false},"excerpt":{"rendered":"<p>Datenschutz Einleitung Gest\u00fctzt auf Artikel 13 der schweizerischen Bundesverfassung und die datenschutzrechtlichen Bestimmungen des Bundes (Datenschutzgesetz, DSG) garantieren wir jedem Einzelnen das Recht auf Schutz seiner Privatsph\u00e4re und die Sicherheit seiner pers\u00f6nlichen Daten. Wir nehmen die Verantwortung f\u00fcr den Schutz Ihrer pers\u00f6nlichen Informationen sehr ernst und behandeln sie gem\u00e4ss den geltenden Datenschutzgesetzen sowie den Vorgaben [&hellip;]<\/p>\n","protected":false},"author":1,"featured_media":0,"parent":0,"menu_order":0,"comment_status":"closed","ping_status":"open","template":"","meta":{"_acf_changed":false,"footnotes":""},"class_list":["post-3","page","type-page","status-publish","hentry"],"acf":[],"yoast_head":"<!-- This site is optimized with the Yoast SEO plugin v26.9 - https:\/\/yoast.com\/product\/yoast-seo-wordpress\/ -->\n<title>Datenschutzerkl\u00e4rung - Region Plessur<\/title>\n<meta name=\"robots\" content=\"index, follow, max-snippet:-1, max-image-preview:large, max-video-preview:-1\" \/>\n<link rel=\"canonical\" href=\"https:\/\/region-plessur.ch\/en\/datenschutzerklaerung\/\" \/>\n<meta property=\"og:locale\" content=\"en_US\" \/>\n<meta property=\"og:type\" content=\"article\" \/>\n<meta property=\"og:title\" content=\"Datenschutzerkl\u00e4rung - Region Plessur\" \/>\n<meta property=\"og:description\" content=\"Datenschutz Einleitung Gest\u00fctzt auf Artikel 13 der schweizerischen Bundesverfassung und die datenschutzrechtlichen Bestimmungen des Bundes (Datenschutzgesetz, DSG) garantieren wir jedem Einzelnen das Recht auf Schutz seiner Privatsph\u00e4re und die Sicherheit seiner pers\u00f6nlichen Daten. Wir nehmen die Verantwortung f\u00fcr den Schutz Ihrer pers\u00f6nlichen Informationen sehr ernst und behandeln sie gem\u00e4ss den geltenden Datenschutzgesetzen sowie den Vorgaben [&hellip;]\" \/>\n<meta property=\"og:url\" content=\"https:\/\/region-plessur.ch\/en\/datenschutzerklaerung\/\" \/>\n<meta property=\"og:site_name\" content=\"Region Plessur\" \/>\n<meta property=\"article:modified_time\" content=\"2025-10-07T12:06:31+00:00\" \/>\n<meta name=\"twitter:card\" content=\"summary_large_image\" \/>\n<meta name=\"twitter:label1\" content=\"Est. reading time\" \/>\n\t<meta name=\"twitter:data1\" content=\"8 minutes\" \/>\n<script type=\"application\/ld+json\" class=\"yoast-schema-graph\">{\"@context\":\"https:\/\/schema.org\",\"@graph\":[{\"@type\":\"WebPage\",\"@id\":\"https:\/\/region-plessur.ch\/datenschutzerklaerung\/\",\"url\":\"https:\/\/region-plessur.ch\/datenschutzerklaerung\/\",\"name\":\"Datenschutzerkl\u00e4rung - Region Plessur\",\"isPartOf\":{\"@id\":\"https:\/\/region-plessur.ch\/#website\"},\"datePublished\":\"2023-01-09T09:25:11+00:00\",\"dateModified\":\"2025-10-07T12:06:31+00:00\",\"breadcrumb\":{\"@id\":\"https:\/\/region-plessur.ch\/datenschutzerklaerung\/#breadcrumb\"},\"inLanguage\":\"en-US\",\"potentialAction\":[{\"@type\":\"ReadAction\",\"target\":[\"https:\/\/region-plessur.ch\/datenschutzerklaerung\/\"]}]},{\"@type\":\"BreadcrumbList\",\"@id\":\"https:\/\/region-plessur.ch\/datenschutzerklaerung\/#breadcrumb\",\"itemListElement\":[{\"@type\":\"ListItem\",\"position\":1,\"name\":\"Home\",\"item\":\"https:\/\/region-plessur.ch\/\"},{\"@type\":\"ListItem\",\"position\":2,\"name\":\"Datenschutzerkl\u00e4rung\"}]},{\"@type\":\"WebSite\",\"@id\":\"https:\/\/region-plessur.ch\/#website\",\"url\":\"https:\/\/region-plessur.ch\/\",\"name\":\"Region Plessur\",\"description\":\"\",\"publisher\":{\"@id\":\"https:\/\/region-plessur.ch\/#organization\"},\"potentialAction\":[{\"@type\":\"SearchAction\",\"target\":{\"@type\":\"EntryPoint\",\"urlTemplate\":\"https:\/\/region-plessur.ch\/?s={search_term_string}\"},\"query-input\":{\"@type\":\"PropertyValueSpecification\",\"valueRequired\":true,\"valueName\":\"search_term_string\"}}],\"inLanguage\":\"en-US\"},{\"@type\":\"Organization\",\"@id\":\"https:\/\/region-plessur.ch\/#organization\",\"name\":\"Region Plessur\",\"url\":\"https:\/\/region-plessur.ch\/\",\"logo\":{\"@type\":\"ImageObject\",\"inLanguage\":\"en-US\",\"@id\":\"https:\/\/region-plessur.ch\/#\/schema\/logo\/image\/\",\"url\":\"https:\/\/region-plessur.ch\/wp-content\/uploads\/2023\/01\/cropped-region_plessur_logo.jpg\",\"contentUrl\":\"https:\/\/region-plessur.ch\/wp-content\/uploads\/2023\/01\/cropped-region_plessur_logo.jpg\",\"width\":137,\"height\":137,\"caption\":\"Region Plessur\"},\"image\":{\"@id\":\"https:\/\/region-plessur.ch\/#\/schema\/logo\/image\/\"}}]}<\/script>\n<!-- \/ Yoast SEO plugin. -->","yoast_head_json":{"title":"Datenschutzerkl\u00e4rung - Region Plessur","robots":{"index":"index","follow":"follow","max-snippet":"max-snippet:-1","max-image-preview":"max-image-preview:large","max-video-preview":"max-video-preview:-1"},"canonical":"https:\/\/region-plessur.ch\/en\/datenschutzerklaerung\/","og_locale":"en_US","og_type":"article","og_title":"Datenschutzerkl\u00e4rung - Region Plessur","og_description":"Datenschutz Einleitung Gest\u00fctzt auf Artikel 13 der schweizerischen Bundesverfassung und die datenschutzrechtlichen Bestimmungen des Bundes (Datenschutzgesetz, DSG) garantieren wir jedem Einzelnen das Recht auf Schutz seiner Privatsph\u00e4re und die Sicherheit seiner pers\u00f6nlichen Daten. Wir nehmen die Verantwortung f\u00fcr den Schutz Ihrer pers\u00f6nlichen Informationen sehr ernst und behandeln sie gem\u00e4ss den geltenden Datenschutzgesetzen sowie den Vorgaben [&hellip;]","og_url":"https:\/\/region-plessur.ch\/en\/datenschutzerklaerung\/","og_site_name":"Region Plessur","article_modified_time":"2025-10-07T12:06:31+00:00","twitter_card":"summary_large_image","twitter_misc":{"Est. reading time":"8 minutes"},"schema":{"@context":"https:\/\/schema.org","@graph":[{"@type":"WebPage","@id":"https:\/\/region-plessur.ch\/datenschutzerklaerung\/","url":"https:\/\/region-plessur.ch\/datenschutzerklaerung\/","name":"Datenschutzerkl\u00e4rung - Region Plessur","isPartOf":{"@id":"https:\/\/region-plessur.ch\/#website"},"datePublished":"2023-01-09T09:25:11+00:00","dateModified":"2025-10-07T12:06:31+00:00","breadcrumb":{"@id":"https:\/\/region-plessur.ch\/datenschutzerklaerung\/#breadcrumb"},"inLanguage":"en-US","potentialAction":[{"@type":"ReadAction","target":["https:\/\/region-plessur.ch\/datenschutzerklaerung\/"]}]},{"@type":"BreadcrumbList","@id":"https:\/\/region-plessur.ch\/datenschutzerklaerung\/#breadcrumb","itemListElement":[{"@type":"ListItem","position":1,"name":"Home","item":"https:\/\/region-plessur.ch\/"},{"@type":"ListItem","position":2,"name":"Datenschutzerkl\u00e4rung"}]},{"@type":"WebSite","@id":"https:\/\/region-plessur.ch\/#website","url":"https:\/\/region-plessur.ch\/","name":"Region Plessur","description":"","publisher":{"@id":"https:\/\/region-plessur.ch\/#organization"},"potentialAction":[{"@type":"SearchAction","target":{"@type":"EntryPoint","urlTemplate":"https:\/\/region-plessur.ch\/?s={search_term_string}"},"query-input":{"@type":"PropertyValueSpecification","valueRequired":true,"valueName":"search_term_string"}}],"inLanguage":"en-US"},{"@type":"Organization","@id":"https:\/\/region-plessur.ch\/#organization","name":"Region Plessur","url":"https:\/\/region-plessur.ch\/","logo":{"@type":"ImageObject","inLanguage":"en-US","@id":"https:\/\/region-plessur.ch\/#\/schema\/logo\/image\/","url":"https:\/\/region-plessur.ch\/wp-content\/uploads\/2023\/01\/cropped-region_plessur_logo.jpg","contentUrl":"https:\/\/region-plessur.ch\/wp-content\/uploads\/2023\/01\/cropped-region_plessur_logo.jpg","width":137,"height":137,"caption":"Region Plessur"},"image":{"@id":"https:\/\/region-plessur.ch\/#\/schema\/logo\/image\/"}}]}},"_links":{"self":[{"href":"https:\/\/region-plessur.ch\/en\/wp-json\/wp\/v2\/pages\/3","targetHints":{"allow":["GET"]}}],"collection":[{"href":"https:\/\/region-plessur.ch\/en\/wp-json\/wp\/v2\/pages"}],"about":[{"href":"https:\/\/region-plessur.ch\/en\/wp-json\/wp\/v2\/types\/page"}],"author":[{"embeddable":true,"href":"https:\/\/region-plessur.ch\/en\/wp-json\/wp\/v2\/users\/1"}],"replies":[{"embeddable":true,"href":"https:\/\/region-plessur.ch\/en\/wp-json\/wp\/v2\/comments?post=3"}],"version-history":[{"count":30,"href":"https:\/\/region-plessur.ch\/en\/wp-json\/wp\/v2\/pages\/3\/revisions"}],"predecessor-version":[{"id":3980,"href":"https:\/\/region-plessur.ch\/en\/wp-json\/wp\/v2\/pages\/3\/revisions\/3980"}],"wp:attachment":[{"href":"https:\/\/region-plessur.ch\/en\/wp-json\/wp\/v2\/media?parent=3"}],"curies":[{"name":"wp","href":"https:\/\/api.w.org\/{rel}","templated":true}]}}