{"id":2296,"date":"2024-04-26T16:34:54","date_gmt":"2024-04-26T14:34:54","guid":{"rendered":"https:\/\/region-plessur.ch\/?page_id=2296"},"modified":"2025-01-01T13:58:32","modified_gmt":"2025-01-01T12:58:32","slug":"zivilstandesamt","status":"publish","type":"page","link":"https:\/\/region-plessur.ch\/en\/dienststellen\/zivilstandesamt\/","title":{"rendered":"Zivilstandsamt"},"content":{"rendered":"<div data-elementor-type=\"wp-page\" data-elementor-id=\"2296\" class=\"elementor elementor-2296\" data-elementor-post-type=\"page\">\n\t\t\t\t<div class=\"elementor-element elementor-element-5783759 e-flex e-con-boxed e-con e-parent\" data-id=\"5783759\" data-element_type=\"container\" data-e-type=\"container\">\n\t\t\t\t\t<div class=\"e-con-inner\">\n\t\t\t\t<div class=\"elementor-element elementor-element-48e83c6 elementor-widget elementor-widget-heading\" data-id=\"48e83c6\" data-element_type=\"widget\" data-e-type=\"widget\" data-widget_type=\"heading.default\">\n\t\t\t\t<div class=\"elementor-widget-container\">\n\t\t\t\t\t<h1 class=\"elementor-heading-title elementor-size-default\">Zivilstandsamt<\/h1>\t\t\t\t<\/div>\n\t\t\t\t<\/div>\n\t\t\t\t<div class=\"elementor-element elementor-element-48c42aa elementor-widget elementor-widget-text-editor\" data-id=\"48c42aa\" data-element_type=\"widget\" data-e-type=\"widget\" data-widget_type=\"text-editor.default\">\n\t\t\t\t<div class=\"elementor-widget-container\">\n\t\t\t\t\t\t\t\t\t<p>Der Zivilstandskreis Plessur mit Amtssitz in Chur umfasst die Region Plessur mit den Gemeinden Arosa, Chur und Churwalden. Die Region Plessur hat die F\u00fchrung der Dienststelle Zivilstandsamt an die Stadt Chur \u00fcbertragen.&nbsp;<\/p>\n<p>Die zentralen Aufgaben des Zivilstandsamtes bestehen in der Erarbeitung der Basis-Personendaten f\u00fcr alle weiteren Verwaltungseinheiten, in der Beurkundung von Zivilstandsereignissen und in der Entgegennahme von Erkl\u00e4rungen in Personenstandssachen. Berechtigten Personen wird Auskunft \u00fcber Personendaten aus den Registern erteilt.<\/p>\n<p>Trauungen finden seit 01.02.2024 in Chur im Gemeinderatssaal im Rathaus an der Poststrasse 33 statt. Jeweils von Montag bis Freitag und k\u00f6nnen fr\u00fchestens ein Jahr im Voraus reserviert werden.&nbsp;<\/p>\n<p>Bitte benutzen Sie f\u00fcr die Bestellung von Dokumenten unseren Online-Schalter: <a href=\"https:\/\/www.chur.ch\/zivilstandgeburttodesfall\/263\" target=\"_blank\" rel=\"noopener\"><strong>Bestellung zivilstandsamtliche Dokumente.<\/strong><\/a><\/p>\n<p>Unter folgendem&nbsp;<a href=\"https:\/\/www.chur.ch\/aemter\/9104\" target=\"_blank\" rel=\"noopener\"><strong>Link<\/strong><\/a> finden Sie weitere detaillierte Informationen, Publikationen und&nbsp; Dienstleistungen zum Thema Zivilstandesamt.&nbsp;<\/p>\t\t\t\t\t\t\t\t<\/div>\n\t\t\t\t<\/div>\n\t\t\t\t\t<\/div>\n\t\t\t\t<\/div>\n\t\t<div class=\"elementor-element elementor-element-80236f4 e-con-full e-flex e-con e-parent\" data-id=\"80236f4\" data-element_type=\"container\" data-e-type=\"container\" id=\"geschaeftsstelle\" data-settings=\"{&quot;background_background&quot;:&quot;classic&quot;}\">\n\t\t<div class=\"elementor-element elementor-element-86d6798 e-transform e-flex e-con-boxed e-con e-child\" data-id=\"86d6798\" data-element_type=\"container\" data-e-type=\"container\" data-settings=\"{&quot;background_background&quot;:&quot;gradient&quot;,&quot;_transform_translateY_effect&quot;:{&quot;unit&quot;:&quot;%&quot;,&quot;size&quot;:50,&quot;sizes&quot;:[]},&quot;_transform_translateY_effect_tablet&quot;:{&quot;unit&quot;:&quot;%&quot;,&quot;size&quot;:&quot;&quot;,&quot;sizes&quot;:[]},&quot;_transform_translateY_effect_mobile&quot;:{&quot;unit&quot;:&quot;%&quot;,&quot;size&quot;:&quot;&quot;,&quot;sizes&quot;:[]},&quot;_transform_translateX_effect&quot;:{&quot;unit&quot;:&quot;px&quot;,&quot;size&quot;:&quot;&quot;,&quot;sizes&quot;:[]},&quot;_transform_translateX_effect_widescreen&quot;:{&quot;unit&quot;:&quot;px&quot;,&quot;size&quot;:&quot;&quot;,&quot;sizes&quot;:[]},&quot;_transform_translateX_effect_tablet_extra&quot;:{&quot;unit&quot;:&quot;px&quot;,&quot;size&quot;:&quot;&quot;,&quot;sizes&quot;:[]},&quot;_transform_translateX_effect_tablet&quot;:{&quot;unit&quot;:&quot;px&quot;,&quot;size&quot;:&quot;&quot;,&quot;sizes&quot;:[]},&quot;_transform_translateX_effect_mobile&quot;:{&quot;unit&quot;:&quot;px&quot;,&quot;size&quot;:&quot;&quot;,&quot;sizes&quot;:[]},&quot;_transform_translateY_effect_widescreen&quot;:{&quot;unit&quot;:&quot;px&quot;,&quot;size&quot;:&quot;&quot;,&quot;sizes&quot;:[]},&quot;_transform_translateY_effect_tablet_extra&quot;:{&quot;unit&quot;:&quot;px&quot;,&quot;size&quot;:&quot;&quot;,&quot;sizes&quot;:[]}}\">\n\t\t\t\t\t<div class=\"e-con-inner\">\n\t\t<div class=\"elementor-element elementor-element-d34c3fc e-con-full e-flex e-con e-child\" data-id=\"d34c3fc\" data-element_type=\"container\" data-e-type=\"container\">\n\t\t\t\t<div class=\"elementor-element elementor-element-9e5480f elementor-widget elementor-widget-heading\" data-id=\"9e5480f\" data-element_type=\"widget\" data-e-type=\"widget\" data-widget_type=\"heading.default\">\n\t\t\t\t<div class=\"elementor-widget-container\">\n\t\t\t\t\t<h2 class=\"elementor-heading-title elementor-size-default\">Kontakt<\/h2>\t\t\t\t<\/div>\n\t\t\t\t<\/div>\n\t\t<div class=\"elementor-element elementor-element-0f81e2a e-flex e-con-boxed e-con e-child\" data-id=\"0f81e2a\" data-element_type=\"container\" data-e-type=\"container\">\n\t\t\t\t\t<div class=\"e-con-inner\">\n\t\t<div class=\"elementor-element elementor-element-8da6007 e-con-full e-flex e-con e-child\" data-id=\"8da6007\" data-element_type=\"container\" data-e-type=\"container\">\n\t\t\t\t<div class=\"elementor-element elementor-element-1dfc674 elementor-widget elementor-widget-heading\" data-id=\"1dfc674\" data-element_type=\"widget\" data-e-type=\"widget\" data-widget_type=\"heading.default\">\n\t\t\t\t<div class=\"elementor-widget-container\">\n\t\t\t\t\t<p class=\"elementor-heading-title elementor-size-default\">Zivilstandsamt<\/p>\t\t\t\t<\/div>\n\t\t\t\t<\/div>\n\t\t\t\t<div class=\"elementor-element elementor-element-f51d98d elementor-widget elementor-widget-text-editor\" data-id=\"f51d98d\" data-element_type=\"widget\" data-e-type=\"widget\" data-widget_type=\"text-editor.default\">\n\t\t\t\t<div class=\"elementor-widget-container\">\n\t\t\t\t\t\t\t\t\t<p>Klostergasse 11<br \/>Postfach 850<br \/>7001 Chur<\/p><p>Tel. <a href=\"tel:0812544971\">081 254 49 71<\/a><br \/><a href=\"mailto:za@chur.ch\">za@chur.ch\u00a0<\/a><\/p>\t\t\t\t\t\t\t\t<\/div>\n\t\t\t\t<\/div>\n\t\t\t\t<\/div>\n\t\t<div class=\"elementor-element elementor-element-656ec95 e-flex e-con-boxed e-con e-child\" data-id=\"656ec95\" data-element_type=\"container\" data-e-type=\"container\">\n\t\t\t\t\t<div class=\"e-con-inner\">\n\t\t\t\t<div class=\"elementor-element elementor-element-5687836 elementor-widget elementor-widget-heading\" data-id=\"5687836\" data-element_type=\"widget\" data-e-type=\"widget\" data-widget_type=\"heading.default\">\n\t\t\t\t<div class=\"elementor-widget-container\">\n\t\t\t\t\t<p class=\"elementor-heading-title elementor-size-default\">\u00d6ffnungszeiten<\/p>\t\t\t\t<\/div>\n\t\t\t\t<\/div>\n\t\t\t\t<div class=\"elementor-element elementor-element-cb26241 elementor-widget elementor-widget-text-editor\" data-id=\"cb26241\" data-element_type=\"widget\" data-e-type=\"widget\" data-widget_type=\"text-editor.default\">\n\t\t\t\t<div class=\"elementor-widget-container\">\n\t\t\t\t\t\t\t\t\t<p><strong>Unsere Schalter\u00f6ffnungszeiten sind wie folgt:<\/strong><\/p><p>Montag &#8211; Donnerstag<br \/>08:00 Uhr &#8211; 11:00 Uhr<br \/>Am Freitag bleibt unser Amt infolge Trauungen geschlossen.<\/p><p>Termine ausserhalb der Schalter\u00f6ffnungszeiten k\u00f6nnen unter\u00a0<br \/><span style=\"text-align: var(--text-align); background-color: transparent;\">Tel. <\/span><a style=\"text-align: var(--text-align);\" href=\"http:\/\/Tel:0812544971\" data-wplink-url-error=\"true\">081 254 49 71<\/a><span style=\"text-align: var(--text-align); background-color: transparent;\"> vereinbart werden.<\/span><\/p><p><strong>Wir sind telefonisch wie folgt erreichbar:<\/strong><br \/>Montag &#8211; Donnerstag<br \/>08.00 Uhr &#8211; 11.30 Uhr<br \/>14.00 Uhr &#8211; 16.30 Uhr<br \/>Freitag<br \/>08.00 Uhr &#8211; 11.30Uhr<\/p>\t\t\t\t\t\t\t\t<\/div>\n\t\t\t\t<\/div>\n\t\t\t\t\t<\/div>\n\t\t\t\t<\/div>\n\t\t\t\t\t<\/div>\n\t\t\t\t<\/div>\n\t\t\t\t<\/div>\n\t\t\t\t\t<\/div>\n\t\t\t\t<\/div>\n\t\t\t\t<\/div>\n\t\t<div class=\"elementor-element elementor-element-c01896c elementor-hidden-widescreen elementor-hidden-desktop elementor-hidden-tablet_extra elementor-hidden-tablet elementor-hidden-mobile e-flex e-con-boxed e-con e-parent\" data-id=\"c01896c\" data-element_type=\"container\" data-e-type=\"container\">\n\t\t\t\t\t<div class=\"e-con-inner\">\n\t\t<div class=\"elementor-element elementor-element-426c88d e-con-full e-flex e-con e-child\" data-id=\"426c88d\" data-element_type=\"container\" data-e-type=\"container\">\n\t\t\t\t<\/div>\n\t\t\t\t\t<\/div>\n\t\t\t\t<\/div>\n\t\t\t\t<\/div>","protected":false},"excerpt":{"rendered":"<p>Der Zivilstandskreis Plessur mit Amtssitz in Chur umfasst die Region Plessur mit den Gemeinden Arosa, Chur und Churwalden. Die Region Plessur hat die F\u00fchrung der Dienststelle Zivilstandsamt an die Stadt Chur \u00fcbertragen.&nbsp; Die zentralen Aufgaben des Zivilstandsamtes bestehen in der Erarbeitung der Basis-Personendaten f\u00fcr alle weiteren Verwaltungseinheiten, in der Beurkundung von Zivilstandsereignissen und in der [&hellip;]<\/p>\n","protected":false},"author":1,"featured_media":602,"parent":2288,"menu_order":0,"comment_status":"closed","ping_status":"closed","template":"","meta":{"_acf_changed":false,"footnotes":""},"class_list":["post-2296","page","type-page","status-publish","has-post-thumbnail","hentry"],"acf":[],"yoast_head":"<!-- This site is optimized with the Yoast SEO plugin v26.9 - https:\/\/yoast.com\/product\/yoast-seo-wordpress\/ -->\n<title>Zivilstandsamt - Region Plessur<\/title>\n<meta name=\"description\" content=\"Das Zivilstandamt erstellt Basis-Personendaten, beurkundet Zivilstandsereignisse und nimmt Personenstandserkl\u00e4rungen entgegen.\" \/>\n<meta name=\"robots\" content=\"index, follow, max-snippet:-1, max-image-preview:large, max-video-preview:-1\" \/>\n<link rel=\"canonical\" href=\"https:\/\/region-plessur.ch\/en\/dienststellen\/zivilstandesamt\/\" \/>\n<meta property=\"og:locale\" content=\"en_US\" \/>\n<meta property=\"og:type\" content=\"article\" \/>\n<meta property=\"og:title\" content=\"Zivilstandsamt - Region Plessur\" \/>\n<meta property=\"og:description\" content=\"Das Zivilstandamt erstellt Basis-Personendaten, beurkundet Zivilstandsereignisse und nimmt Personenstandserkl\u00e4rungen entgegen.\" \/>\n<meta property=\"og:url\" content=\"https:\/\/region-plessur.ch\/en\/dienststellen\/zivilstandesamt\/\" \/>\n<meta property=\"og:site_name\" content=\"Region Plessur\" \/>\n<meta property=\"article:modified_time\" content=\"2025-01-01T12:58:32+00:00\" \/>\n<meta property=\"og:image\" content=\"https:\/\/region-plessur.ch\/wp-content\/uploads\/2023\/10\/Chur_Hintergrund.png\" \/>\n\t<meta property=\"og:image:width\" content=\"1442\" \/>\n\t<meta property=\"og:image:height\" content=\"911\" \/>\n\t<meta property=\"og:image:type\" content=\"image\/png\" \/>\n<meta name=\"twitter:card\" content=\"summary_large_image\" \/>\n<meta name=\"twitter:label1\" content=\"Est. reading time\" \/>\n\t<meta name=\"twitter:data1\" content=\"2 minutes\" \/>\n<script type=\"application\/ld+json\" class=\"yoast-schema-graph\">{\"@context\":\"https:\/\/schema.org\",\"@graph\":[{\"@type\":\"WebPage\",\"@id\":\"https:\/\/region-plessur.ch\/dienststellen\/zivilstandesamt\/\",\"url\":\"https:\/\/region-plessur.ch\/dienststellen\/zivilstandesamt\/\",\"name\":\"Zivilstandsamt - Region Plessur\",\"isPartOf\":{\"@id\":\"https:\/\/region-plessur.ch\/#website\"},\"primaryImageOfPage\":{\"@id\":\"https:\/\/region-plessur.ch\/dienststellen\/zivilstandesamt\/#primaryimage\"},\"image\":{\"@id\":\"https:\/\/region-plessur.ch\/dienststellen\/zivilstandesamt\/#primaryimage\"},\"thumbnailUrl\":\"https:\/\/region-plessur.ch\/wp-content\/uploads\/2023\/10\/Chur_Hintergrund.png\",\"datePublished\":\"2024-04-26T14:34:54+00:00\",\"dateModified\":\"2025-01-01T12:58:32+00:00\",\"description\":\"Das Zivilstandamt erstellt Basis-Personendaten, beurkundet Zivilstandsereignisse und nimmt Personenstandserkl\u00e4rungen entgegen.\",\"breadcrumb\":{\"@id\":\"https:\/\/region-plessur.ch\/dienststellen\/zivilstandesamt\/#breadcrumb\"},\"inLanguage\":\"en-US\",\"potentialAction\":[{\"@type\":\"ReadAction\",\"target\":[\"https:\/\/region-plessur.ch\/dienststellen\/zivilstandesamt\/\"]}]},{\"@type\":\"ImageObject\",\"inLanguage\":\"en-US\",\"@id\":\"https:\/\/region-plessur.ch\/dienststellen\/zivilstandesamt\/#primaryimage\",\"url\":\"https:\/\/region-plessur.ch\/wp-content\/uploads\/2023\/10\/Chur_Hintergrund.png\",\"contentUrl\":\"https:\/\/region-plessur.ch\/wp-content\/uploads\/2023\/10\/Chur_Hintergrund.png\",\"width\":1442,\"height\":911},{\"@type\":\"BreadcrumbList\",\"@id\":\"https:\/\/region-plessur.ch\/dienststellen\/zivilstandesamt\/#breadcrumb\",\"itemListElement\":[{\"@type\":\"ListItem\",\"position\":1,\"name\":\"Home\",\"item\":\"https:\/\/region-plessur.ch\/\"},{\"@type\":\"ListItem\",\"position\":2,\"name\":\"Dienststellen\",\"item\":\"https:\/\/region-plessur.ch\/dienststellen\/\"},{\"@type\":\"ListItem\",\"position\":3,\"name\":\"Zivilstandsamt\"}]},{\"@type\":\"WebSite\",\"@id\":\"https:\/\/region-plessur.ch\/#website\",\"url\":\"https:\/\/region-plessur.ch\/\",\"name\":\"Region Plessur\",\"description\":\"\",\"publisher\":{\"@id\":\"https:\/\/region-plessur.ch\/#organization\"},\"potentialAction\":[{\"@type\":\"SearchAction\",\"target\":{\"@type\":\"EntryPoint\",\"urlTemplate\":\"https:\/\/region-plessur.ch\/?s={search_term_string}\"},\"query-input\":{\"@type\":\"PropertyValueSpecification\",\"valueRequired\":true,\"valueName\":\"search_term_string\"}}],\"inLanguage\":\"en-US\"},{\"@type\":\"Organization\",\"@id\":\"https:\/\/region-plessur.ch\/#organization\",\"name\":\"Region Plessur\",\"url\":\"https:\/\/region-plessur.ch\/\",\"logo\":{\"@type\":\"ImageObject\",\"inLanguage\":\"en-US\",\"@id\":\"https:\/\/region-plessur.ch\/#\/schema\/logo\/image\/\",\"url\":\"https:\/\/region-plessur.ch\/wp-content\/uploads\/2023\/01\/cropped-region_plessur_logo.jpg\",\"contentUrl\":\"https:\/\/region-plessur.ch\/wp-content\/uploads\/2023\/01\/cropped-region_plessur_logo.jpg\",\"width\":137,\"height\":137,\"caption\":\"Region Plessur\"},\"image\":{\"@id\":\"https:\/\/region-plessur.ch\/#\/schema\/logo\/image\/\"}}]}<\/script>\n<!-- \/ Yoast SEO plugin. -->","yoast_head_json":{"title":"Zivilstandsamt - Region Plessur","description":"Das Zivilstandamt erstellt Basis-Personendaten, beurkundet Zivilstandsereignisse und nimmt Personenstandserkl\u00e4rungen entgegen.","robots":{"index":"index","follow":"follow","max-snippet":"max-snippet:-1","max-image-preview":"max-image-preview:large","max-video-preview":"max-video-preview:-1"},"canonical":"https:\/\/region-plessur.ch\/en\/dienststellen\/zivilstandesamt\/","og_locale":"en_US","og_type":"article","og_title":"Zivilstandsamt - Region Plessur","og_description":"Das Zivilstandamt erstellt Basis-Personendaten, beurkundet Zivilstandsereignisse und nimmt Personenstandserkl\u00e4rungen entgegen.","og_url":"https:\/\/region-plessur.ch\/en\/dienststellen\/zivilstandesamt\/","og_site_name":"Region Plessur","article_modified_time":"2025-01-01T12:58:32+00:00","og_image":[{"width":1442,"height":911,"url":"https:\/\/region-plessur.ch\/wp-content\/uploads\/2023\/10\/Chur_Hintergrund.png","type":"image\/png"}],"twitter_card":"summary_large_image","twitter_misc":{"Est. reading time":"2 minutes"},"schema":{"@context":"https:\/\/schema.org","@graph":[{"@type":"WebPage","@id":"https:\/\/region-plessur.ch\/dienststellen\/zivilstandesamt\/","url":"https:\/\/region-plessur.ch\/dienststellen\/zivilstandesamt\/","name":"Zivilstandsamt - Region Plessur","isPartOf":{"@id":"https:\/\/region-plessur.ch\/#website"},"primaryImageOfPage":{"@id":"https:\/\/region-plessur.ch\/dienststellen\/zivilstandesamt\/#primaryimage"},"image":{"@id":"https:\/\/region-plessur.ch\/dienststellen\/zivilstandesamt\/#primaryimage"},"thumbnailUrl":"https:\/\/region-plessur.ch\/wp-content\/uploads\/2023\/10\/Chur_Hintergrund.png","datePublished":"2024-04-26T14:34:54+00:00","dateModified":"2025-01-01T12:58:32+00:00","description":"Das Zivilstandamt erstellt Basis-Personendaten, beurkundet Zivilstandsereignisse und nimmt Personenstandserkl\u00e4rungen entgegen.","breadcrumb":{"@id":"https:\/\/region-plessur.ch\/dienststellen\/zivilstandesamt\/#breadcrumb"},"inLanguage":"en-US","potentialAction":[{"@type":"ReadAction","target":["https:\/\/region-plessur.ch\/dienststellen\/zivilstandesamt\/"]}]},{"@type":"ImageObject","inLanguage":"en-US","@id":"https:\/\/region-plessur.ch\/dienststellen\/zivilstandesamt\/#primaryimage","url":"https:\/\/region-plessur.ch\/wp-content\/uploads\/2023\/10\/Chur_Hintergrund.png","contentUrl":"https:\/\/region-plessur.ch\/wp-content\/uploads\/2023\/10\/Chur_Hintergrund.png","width":1442,"height":911},{"@type":"BreadcrumbList","@id":"https:\/\/region-plessur.ch\/dienststellen\/zivilstandesamt\/#breadcrumb","itemListElement":[{"@type":"ListItem","position":1,"name":"Home","item":"https:\/\/region-plessur.ch\/"},{"@type":"ListItem","position":2,"name":"Dienststellen","item":"https:\/\/region-plessur.ch\/dienststellen\/"},{"@type":"ListItem","position":3,"name":"Zivilstandsamt"}]},{"@type":"WebSite","@id":"https:\/\/region-plessur.ch\/#website","url":"https:\/\/region-plessur.ch\/","name":"Region Plessur","description":"","publisher":{"@id":"https:\/\/region-plessur.ch\/#organization"},"potentialAction":[{"@type":"SearchAction","target":{"@type":"EntryPoint","urlTemplate":"https:\/\/region-plessur.ch\/?s={search_term_string}"},"query-input":{"@type":"PropertyValueSpecification","valueRequired":true,"valueName":"search_term_string"}}],"inLanguage":"en-US"},{"@type":"Organization","@id":"https:\/\/region-plessur.ch\/#organization","name":"Region Plessur","url":"https:\/\/region-plessur.ch\/","logo":{"@type":"ImageObject","inLanguage":"en-US","@id":"https:\/\/region-plessur.ch\/#\/schema\/logo\/image\/","url":"https:\/\/region-plessur.ch\/wp-content\/uploads\/2023\/01\/cropped-region_plessur_logo.jpg","contentUrl":"https:\/\/region-plessur.ch\/wp-content\/uploads\/2023\/01\/cropped-region_plessur_logo.jpg","width":137,"height":137,"caption":"Region Plessur"},"image":{"@id":"https:\/\/region-plessur.ch\/#\/schema\/logo\/image\/"}}]}},"_links":{"self":[{"href":"https:\/\/region-plessur.ch\/en\/wp-json\/wp\/v2\/pages\/2296","targetHints":{"allow":["GET"]}}],"collection":[{"href":"https:\/\/region-plessur.ch\/en\/wp-json\/wp\/v2\/pages"}],"about":[{"href":"https:\/\/region-plessur.ch\/en\/wp-json\/wp\/v2\/types\/page"}],"author":[{"embeddable":true,"href":"https:\/\/region-plessur.ch\/en\/wp-json\/wp\/v2\/users\/1"}],"replies":[{"embeddable":true,"href":"https:\/\/region-plessur.ch\/en\/wp-json\/wp\/v2\/comments?post=2296"}],"version-history":[{"count":57,"href":"https:\/\/region-plessur.ch\/en\/wp-json\/wp\/v2\/pages\/2296\/revisions"}],"predecessor-version":[{"id":3781,"href":"https:\/\/region-plessur.ch\/en\/wp-json\/wp\/v2\/pages\/2296\/revisions\/3781"}],"up":[{"embeddable":true,"href":"https:\/\/region-plessur.ch\/en\/wp-json\/wp\/v2\/pages\/2288"}],"wp:featuredmedia":[{"embeddable":true,"href":"https:\/\/region-plessur.ch\/en\/wp-json\/wp\/v2\/media\/602"}],"wp:attachment":[{"href":"https:\/\/region-plessur.ch\/en\/wp-json\/wp\/v2\/media?parent=2296"}],"curies":[{"name":"wp","href":"https:\/\/api.w.org\/{rel}","templated":true}]}}